{"id":117,"date":"2025-05-03T21:08:24","date_gmt":"2025-05-03T19:08:24","guid":{"rendered":"https:\/\/marieditmoisson.fr\/?page_id=117"},"modified":"2026-04-03T19:21:38","modified_gmt":"2026-04-03T17:21:38","slug":"formations-en-vue-parfaite","status":"publish","type":"page","link":"https:\/\/marieditmoisson.fr\/index.php\/formations-en-vue-parfaite\/","title":{"rendered":"Formations en \u00ab\u00a0Vue Parfaite\u00a0\u00bb"},"content":{"rendered":"\n<figure class=\"wp-block-image size-large is-resized\" style=\"margin-top:0;margin-right:0;margin-bottom:0;margin-left:0\"><img loading=\"lazy\" decoding=\"async\" width=\"1024\" height=\"615\" src=\"https:\/\/marieditmoisson.fr\/wp-content\/uploads\/2025\/05\/Capture-decran-2025-05-08-a-17.24.30-1024x615.png\" alt=\"\" class=\"wp-image-186\" style=\"width:1140px;height:auto\" srcset=\"https:\/\/marieditmoisson.fr\/wp-content\/uploads\/2025\/05\/Capture-decran-2025-05-08-a-17.24.30-1024x615.png 1024w, https:\/\/marieditmoisson.fr\/wp-content\/uploads\/2025\/05\/Capture-decran-2025-05-08-a-17.24.30-300x180.png 300w, https:\/\/marieditmoisson.fr\/wp-content\/uploads\/2025\/05\/Capture-decran-2025-05-08-a-17.24.30.png 1103w\" sizes=\"auto, (max-width: 1024px) 100vw, 1024px\" \/><\/figure>\n\n\n\n<h1 class=\"wp-block-heading\">Les Formations 100 % personnalis\u00e9es <br>pour retrouver go\u00fbt \u00e0 la Vue<\/h1>\n\n\n\n<p><strong>L&rsquo;objectif de la formation individuelle que je pr\u00e9sente est de transmettre les principes de base de la\u00a0vue\u00a0normale, les principales pratiques autor\u00e9\u00e9ducatives de base, leur application dans la vie courante <\/strong>(lecture, ordinateurs, etc.) et surtout de former les apprenants \u00e0 prendre en main leur propre autor\u00e9\u00e9ducation visuelle.<\/p>\n\n\n\n<p><strong>Seul(e) vous-m\u00eame pouvez transformer vos propres habitudes visuelle<\/strong>, en apprenant comment le faire de fa\u00e7on pertinente.<\/p>\n\n\n\n<p>J&rsquo;ai en ce domaine 30 ann\u00e9es d&rsquo;exp\u00e9rience en tant qu&rsquo;Expert-formateur. Mes deux ouvrages &#8211; aux multiples r\u00e9\u00e9ditions &#8211; font r\u00e9f\u00e9rences en ce domaine :<br>&#8211; \u00ab\u00a0Une Vue Parfaite sans lunettes, ni traitement ou intervention\u00a0\u00bb &#8211; Dr William BATES ; Traduction et commentaires de JPh. MARIE DIT MOISSON.<br>&#8211; \u00ab\u00a0Une Vue meilleure avec le Dr BATES, Ophtalmologiste: 21 proc\u00e9d\u00e9s naturels \u00e9prouv\u00e9s\u00a0\u00bb &#8211; JPh. MARIE DIT MOISSON et Dr William BATES.<br><br><strong>Cette formation est tr\u00e8s personnalis\u00e9e<\/strong> : chaque s\u00e9ance \u00e9volue et s&rsquo;adapte \u00e0 ses r\u00e9actions, vos r\u00e9actions, facilit\u00e9s, barri\u00e8res \u00e0 surmonter, etc..<br>Voici donc les informations pour\u00a0envisager un\u00a0stage-formation.<\/p>\n\n\n\n<p><strong>Mon protocole est une auto-r\u00e9\u00e9ducation guid\u00e9e dont l&rsquo;objectif est pr\u00e9cis : r\u00e9acqu\u00e9rir les r\u00e9flexes normaux de la\u00a0\u00ab\u00a0Vue\u00a0Parfaite\u00a0\u00bb<\/strong>, concept pr\u00e9cis.<br>D\u00e9velopper ses comp\u00e9tences visuelles est une possibilit\u00e9 aussi rationnelle que d\u00e9velopper les comp\u00e9tences olfactives, gustatives, gestuelles ou auditives.<\/p>\n\n\n\n<p>Les leviers activ\u00e9s sont les bonnes habitudes visuelles, la capacit\u00e9 d&rsquo;attention, la m\u00e9moire, l&rsquo;imagination qui sont \u00e9troitement li\u00e9es \u00e0 la\u00a0vue.<br>La\u00a0vue, les capacit\u00e9s m\u00e9morielles, r\u00e9flexes, attentionnelles, poss\u00e8dent toujours une marge de progr\u00e8s, via la plasticit\u00e9 c\u00e9r\u00e9bro-visuelle.<br><strong>La vue repr\u00e9sente 80 % de nos perceptions au quotidien, 90 % de nos perceptions au volant.<br>C&rsquo;est \u00e9norme.<\/strong><br><strong>Il ne s&rsquo;agit donc pas d&rsquo;exercices ou d&rsquo;astuces, mais de r\u00e9apprendre \u00e0 bien utiliser sa propre\u00a0vue, yeux et capacit\u00e9 d&rsquo;attention<\/strong> : baisses de vue (NTIC, \u00e9crans), risques d\u2019erreurs, risques en termes de s\u00e9curit\u00e9 (AT, APP), troubles de d\u00e9ficience de l\u2019attention (TDA), c\u00e9cit\u00e9 attentionnelle momentan\u00e9e ou ancr\u00e9e.<br><\/p>\n\n\n\n<p style=\"font-size:clamp(20px, 1.25rem + ((1vw - 3.2px) * 1.25), 32px);\"><br><strong>Devenir acteur de sa propre Vue<\/strong><\/p>\n\n\n\n<p><strong>En un phrase : chaque personne peut se r\u00e9approprier sa propre\u00a0vue, la capitaliser et surtout l&rsquo;optimiser <\/strong>pour tendre vers l&rsquo;objectif personnel qu&rsquo;elle se fixe.<br>Les gains de capacit\u00e9 en plus de la\u00a0vision\u00a0sont nombreux, car la\u00a0vue\u00a0repr\u00e9sentant 80% de nos perceptions. Capacit\u00e9 de d\u00e9cision, rapidit\u00e9, s\u00e9curit\u00e9 (90% des accidents plein-pied sont des erreurs visuelles), pertinence, m\u00e9moire, imagination, stabilit\u00e9 \u00e9motionnelle, en b\u00e9n\u00e9ficieront n\u00e9cessairement.<\/p>\n\n\n\n<p><strong>Cette s\u00e9rie de 3 x 2h\u00a0 de\u00a0formation\u00a0individuelle est g\u00e9n\u00e9ralement suffisante pour \u00eatre autonome<\/strong>, afin de s&rsquo;auto-r\u00e9\u00e9duquer de fa\u00e7on efficace et rationnelle.\u00a0\u00a0<br>C&rsquo;est la voie efficace pour pratiquer imm\u00e9diatement de fa\u00e7on juste techniquement.<br>Si l&rsquo;apprenant ressent un besoin de plus d&rsquo;accompagnement\/soutien\/renforcement de connaissances, une seconde s\u00e9rie serait possible &#8211; mais rarement n\u00e9cessaire ; \u00e0 voir par soi-m\u00eame au bout de 3-6 mois, mais pas avant.<\/p>\n\n\n\n<p><strong>Caract\u00e9ristiques du&nbsp;stage personnalis\u00e9<\/strong>&nbsp;:<\/p>\n\n\n\n<p>&#8211; Un ensemble de Cartes de lectures est fourni pour chaque participant, et exp\u00e9di\u00e9 par courrier \u00e0 r\u00e9ception de votre r\u00e9servation par votre r\u00e8glement<\/p>\n\n\n\n<p>&#8211; Tarif :<\/p>\n\n\n\n<ul class=\"wp-block-list\">\n<li>pour 1 participant(e) : 550\u20ac <\/li>\n\n\n\n<li>pour 2 participant(e) : 550\u20ac + 250 = 800 \u20ac<\/li>\n\n\n\n<li>pour 3 participant(e) : 550\u20ac + 250 + 250 = 1050 \u20ac<\/li>\n<\/ul>\n\n\n\n<p>&#8211; Dur\u00e9e : 3 s\u00e9ances de 2 heures chacune, par Whatsapp ou Skype\/Teams<\/p>\n\n\n\n<p>&#8211; Suivi offert dans la dur\u00e9e par email ou autre.<\/p>\n\n\n\n<p><\/p>\n\n\n\n<p>Ainsi, vous \u00eates immerg\u00e9e dans ce nouveau domaine de connaissances et surtout de pratiques concr\u00e8tes ; vous apprenez de suite, et entre chaque s\u00e9ance, l&rsquo;autonomie, avec des objectifs pr\u00e9cis et simples \u00e0 mettre en pratique dans votre vie quotidienne.<\/p>\n\n\n\n<p style=\"font-size:clamp(20px, 1.25rem + ((1vw - 3.2px) * 1.25), 32px);\"><\/p>\n\n\n\n<p><\/p>\n","protected":false},"excerpt":{"rendered":"<p>Les Formations 100 % personnalis\u00e9es pour retrouver go\u00fbt \u00e0 la Vue L&rsquo;objectif de la formation individuelle que je pr\u00e9sente est de transmettre les principes de base de la\u00a0vue\u00a0normale, les principales pratiques autor\u00e9\u00e9ducatives de base, leur application dans la vie courante (lecture, ordinateurs, etc.) et surtout de former les apprenants \u00e0 prendre en main leur propre &hellip; <\/p>\n<p class=\"link-more\"><a href=\"https:\/\/marieditmoisson.fr\/index.php\/formations-en-vue-parfaite\/\" class=\"more-link\">Lire la suite de<span class=\"screen-reader-text\">\u00ab\u00a0Formations en \u00ab\u00a0Vue Parfaite\u00a0\u00bb\u00a0\u00bb<\/span><\/a><\/p>\n","protected":false},"author":1,"featured_media":0,"parent":0,"menu_order":0,"comment_status":"closed","ping_status":"closed","template":"","meta":{"footnotes":""},"class_list":["post-117","page","type-page","status-publish","hentry"],"featured_media_urls":[],"_links":{"self":[{"href":"https:\/\/marieditmoisson.fr\/index.php\/wp-json\/wp\/v2\/pages\/117","targetHints":{"allow":["GET"]}}],"collection":[{"href":"https:\/\/marieditmoisson.fr\/index.php\/wp-json\/wp\/v2\/pages"}],"about":[{"href":"https:\/\/marieditmoisson.fr\/index.php\/wp-json\/wp\/v2\/types\/page"}],"author":[{"embeddable":true,"href":"https:\/\/marieditmoisson.fr\/index.php\/wp-json\/wp\/v2\/users\/1"}],"replies":[{"embeddable":true,"href":"https:\/\/marieditmoisson.fr\/index.php\/wp-json\/wp\/v2\/comments?post=117"}],"version-history":[{"count":39,"href":"https:\/\/marieditmoisson.fr\/index.php\/wp-json\/wp\/v2\/pages\/117\/revisions"}],"predecessor-version":[{"id":462,"href":"https:\/\/marieditmoisson.fr\/index.php\/wp-json\/wp\/v2\/pages\/117\/revisions\/462"}],"wp:attachment":[{"href":"https:\/\/marieditmoisson.fr\/index.php\/wp-json\/wp\/v2\/media?parent=117"}],"curies":[{"name":"wp","href":"https:\/\/api.w.org\/{rel}","templated":true}]}}