{"id":119,"date":"2025-05-03T21:08:48","date_gmt":"2025-05-03T19:08:48","guid":{"rendered":"https:\/\/marieditmoisson.fr\/?page_id=119"},"modified":"2026-04-03T19:16:19","modified_gmt":"2026-04-03T17:16:19","slug":"ce-quest-la-vue-parfaite","status":"publish","type":"page","link":"https:\/\/marieditmoisson.fr\/index.php\/ce-quest-la-vue-parfaite\/","title":{"rendered":"La \u00ab\u00a0Vue Parfaite\u00a0\u00bb"},"content":{"rendered":"\n<h1 class=\"wp-block-heading\">Il est possible, \u00e0 tout \u00e2ge, de d\u00e9velopper ses comp\u00e9tences visuelles et attentionnelles.<\/h1>\n\n\n\n<figure class=\"wp-block-image size-large\"><img loading=\"lazy\" decoding=\"async\" width=\"1024\" height=\"469\" src=\"https:\/\/marieditmoisson.fr\/wp-content\/uploads\/2025\/05\/accueil_myope-1024x469.jpg\" alt=\"\" class=\"wp-image-209\" srcset=\"https:\/\/marieditmoisson.fr\/wp-content\/uploads\/2025\/05\/accueil_myope-1024x469.jpg 1024w, https:\/\/marieditmoisson.fr\/wp-content\/uploads\/2025\/05\/accueil_myope-300x138.jpg 300w, https:\/\/marieditmoisson.fr\/wp-content\/uploads\/2025\/05\/accueil_myope.jpg 1658w\" sizes=\"auto, (max-width: 1024px) 100vw, 1024px\" \/><\/figure>\n\n\n\n<p><strong>Les comp\u00e9tences visuelles repr\u00e9sentent une marge de progr\u00e8s cons\u00e9quente.<br>Quand les gens voient plus, ils \u00e9valuent une situation beaucoup plus rapidement et prennent de meilleures d\u00e9cisions<\/strong>.<br>D\u00e9velopper les comp\u00e9tences visuelles avec JPh. MARIE DIT MOISSON repr\u00e9sente une marge de progr\u00e8s insoup\u00e7onn\u00e9e pour les individus de la sph\u00e8re priv\u00e9e ou professionnelle : capacit\u00e9s de rapidit\u00e9, de pr\u00e9cision et de concentration en b\u00e9n\u00e9ficient directement et progressent.<\/p>\n\n\n\n<p><strong>La vue est l&rsquo;outil de travail et de s\u00e9curit\u00e9 num\u00e9ro un<\/strong> pour l&rsquo;entreprise, les professionnels, les \u00e9tudiants, les sportifs :<\/p>\n\n\n\n<ul class=\"wp-block-list\">\n<li>80% de nos perceptions proviennent de la vue<\/li>\n\n\n\n<li>80 \u00e0 90% des d\u00e9cisions sont bas\u00e9s sur l&rsquo;information visuelle<\/li>\n\n\n\n<li>plus de 60% des accidents du travail ou erreurs professionnelles sont des d\u00e9faillances visuelles<\/li>\n\n\n\n<li>90% des perceptions des conducteurs sont visuelles.<\/li>\n<\/ul>\n\n\n\n<p class=\"has-text-align-left\">Il est n\u00e9cessaire d&rsquo;am\u00e9liorer la vue, qui est aujourd&rsquo;hui hyper sollicit\u00e9e et g\u00e9n\u00e8re des cons\u00e9quences contreproductives : baisses de vue (NTIC, \u00e9crans), risques d&rsquo;erreurs, risques en termes de s\u00e9curit\u00e9 (AT, APP), troubles de d\u00e9ficience de l&rsquo;attention (TDA), c\u00e9cit\u00e9 attentionnelle momentan\u00e9e ou ancr\u00e9e.<\/p>\n\n\n\n<p class=\"has-text-align-left\"><br><br><strong>LES OBJECTIFS CIBL\u00c9S :<\/strong><br><br><strong>Une attention activ\u00e9e :<\/strong> pour se r\u00e9approprier le plaisir de voir, la vigilance, la r\u00e9activit\u00e9 au quotidien.<br><strong>Une adaptabilit\u00e9 renforc\u00e9e :<\/strong> d\u00e9ployer une force de r\u00e9silience et la plasticit\u00e9 c\u00e9r\u00e9brale, dont la plasticit\u00e9 visuelle.<br><strong>Des r\u00e9flexes visuels normaux :<\/strong> Vision centrale\/ciblage, m\u00e9moire et imagination activ\u00e9es, vision 3D.<br><strong>La m\u00e9thode \u00ab\u00a0Vue et Performance\u00a0\u00bb<\/strong> : utiliser ses propres yeux de fa\u00e7on optimale, pour optimiser chaque talent avec plus d&rsquo;efficacit\u00e9, de confort et de s\u00e9curit\u00e9.<\/p>\n\n\n\n<p class=\"has-text-align-left\">A tr\u00e8s bient\u00f4t pour concr\u00e9tiser ensemble&nbsp;votre&nbsp;\u00ab\u00a0Projet de&nbsp;Vue\u00a0\u00bb !<br><br><\/p>\n\n\n\n<figure class=\"wp-block-image size-large\"><img loading=\"lazy\" decoding=\"async\" width=\"1024\" height=\"469\" src=\"https:\/\/marieditmoisson.fr\/wp-content\/uploads\/2025\/05\/plasticite_cerebrale-1024x469.jpg\" alt=\"\" class=\"wp-image-210\" srcset=\"https:\/\/marieditmoisson.fr\/wp-content\/uploads\/2025\/05\/plasticite_cerebrale-1024x469.jpg 1024w, https:\/\/marieditmoisson.fr\/wp-content\/uploads\/2025\/05\/plasticite_cerebrale-300x138.jpg 300w, https:\/\/marieditmoisson.fr\/wp-content\/uploads\/2025\/05\/plasticite_cerebrale.jpg 1658w\" sizes=\"auto, (max-width: 1024px) 100vw, 1024px\" \/><\/figure>\n\n\n\n<h6 class=\"wp-block-heading\"><\/h6>\n","protected":false},"excerpt":{"rendered":"<p>Il est possible, \u00e0 tout \u00e2ge, de d\u00e9velopper ses comp\u00e9tences visuelles et attentionnelles. Les comp\u00e9tences visuelles repr\u00e9sentent une marge de progr\u00e8s cons\u00e9quente.Quand les gens voient plus, ils \u00e9valuent une situation beaucoup plus rapidement et prennent de meilleures d\u00e9cisions.D\u00e9velopper les comp\u00e9tences visuelles avec JPh. MARIE DIT MOISSON repr\u00e9sente une marge de progr\u00e8s insoup\u00e7onn\u00e9e pour les individus &hellip; <\/p>\n<p class=\"link-more\"><a href=\"https:\/\/marieditmoisson.fr\/index.php\/ce-quest-la-vue-parfaite\/\" class=\"more-link\">Lire la suite de<span class=\"screen-reader-text\">\u00ab\u00a0La \u00ab\u00a0Vue Parfaite\u00a0\u00bb\u00a0\u00bb<\/span><\/a><\/p>\n","protected":false},"author":1,"featured_media":0,"parent":0,"menu_order":0,"comment_status":"closed","ping_status":"closed","template":"","meta":{"footnotes":""},"class_list":["post-119","page","type-page","status-publish","hentry"],"featured_media_urls":[],"_links":{"self":[{"href":"https:\/\/marieditmoisson.fr\/index.php\/wp-json\/wp\/v2\/pages\/119","targetHints":{"allow":["GET"]}}],"collection":[{"href":"https:\/\/marieditmoisson.fr\/index.php\/wp-json\/wp\/v2\/pages"}],"about":[{"href":"https:\/\/marieditmoisson.fr\/index.php\/wp-json\/wp\/v2\/types\/page"}],"author":[{"embeddable":true,"href":"https:\/\/marieditmoisson.fr\/index.php\/wp-json\/wp\/v2\/users\/1"}],"replies":[{"embeddable":true,"href":"https:\/\/marieditmoisson.fr\/index.php\/wp-json\/wp\/v2\/comments?post=119"}],"version-history":[{"count":15,"href":"https:\/\/marieditmoisson.fr\/index.php\/wp-json\/wp\/v2\/pages\/119\/revisions"}],"predecessor-version":[{"id":459,"href":"https:\/\/marieditmoisson.fr\/index.php\/wp-json\/wp\/v2\/pages\/119\/revisions\/459"}],"wp:attachment":[{"href":"https:\/\/marieditmoisson.fr\/index.php\/wp-json\/wp\/v2\/media?parent=119"}],"curies":[{"name":"wp","href":"https:\/\/api.w.org\/{rel}","templated":true}]}}